{"id":1728,"date":"2023-02-10T13:14:27","date_gmt":"2023-02-10T12:14:27","guid":{"rendered":"http:\/\/mtl.hamstage.hamrenmedia.se\/?page_id=1728"},"modified":"2024-01-05T14:08:47","modified_gmt":"2024-01-05T13:08:47","slug":"nyheter","status":"publish","type":"page","link":"https:\/\/www.medtechlabs.se\/sv\/nyheter\/","title":{"rendered":"Nyheter"},"content":{"rendered":"\n<pre class=\"wp-block-hw-ingress-box\">L\u00e4s de senaste nyheterna fr\u00e5n MedTechLabs och n\u00e4raliggande verksamheter.<\/pre>\n\n\n<p><form data-sf-form-id='1732' data-is-rtl='0' data-maintain-state='' data-results-url='https:\/\/www.medtechlabs.se\/sv\/nyheter\/' data-ajax-url='https:\/\/www.medtechlabs.se\/sv\/?sfid=1732&amp;sf_action=get_data&amp;sf_data=results' data-ajax-form-url='https:\/\/www.medtechlabs.se\/sv\/?sfid=1732&amp;sf_action=get_data&amp;sf_data=form' data-display-result-method='shortcode' data-use-history-api='1' data-template-loaded='0' data-lang-code='sv' data-ajax='1' data-ajax-data-type='json' data-ajax-links-selector='.pagination a' data-ajax-target='#search-filter-results-1732' data-ajax-pagination-type='normal' data-update-ajax-url='1' data-only-results-ajax='1' data-scroll-to-pos='0' data-init-paged='1' data-auto-update='1' action='https:\/\/www.medtechlabs.se\/sv\/nyheter\/' method='post' class='searchandfilter' id='search-filter-form-1732' autocomplete='off' data-instance-count='1'><ul><li class=\"sf-field-category\" data-sf-field-name=\"_sft_category\" data-sf-field-type=\"category\" data-sf-field-input-type=\"checkbox\"><h4>Filter<\/h4>\t\t<ul data-operator=\"and\" class=\"\">\n\t\t\t\t\t  <li class=\"sf-level-0 sf-item-58\" data-sf-count=\"17\" data-sf-depth=\"0\"><input  class=\"sf-input-checkbox\" type=\"checkbox\" value=\"articles-sv\" name=\"_sft_category[]\" id=\"sf-input-30674a624256e0ffd147bb993b595897\"><label class=\"sf-label-checkbox\" for=\"sf-input-30674a624256e0ffd147bb993b595897\">Artiklar<\/label><\/li><li class=\"sf-level-0 sf-item-65\" data-sf-count=\"1\" data-sf-depth=\"0\"><input  class=\"sf-input-checkbox\" type=\"checkbox\" value=\"implementation-sv\" name=\"_sft_category[]\" id=\"sf-input-1f3153d54d7c31e39d3d8c874c628881\"><label class=\"sf-label-checkbox\" for=\"sf-input-1f3153d54d7c31e39d3d8c874c628881\">Implementering<\/label><\/li><li class=\"sf-level-0 sf-item-57\" data-sf-count=\"21\" data-sf-depth=\"0\"><input  class=\"sf-input-checkbox\" type=\"checkbox\" value=\"interviews-sv\" name=\"_sft_category[]\" id=\"sf-input-a39aaf9a70e11ebec0be8c72037c76eb\"><label class=\"sf-label-checkbox\" for=\"sf-input-a39aaf9a70e11ebec0be8c72037c76eb\">Intervjuer<\/label><\/li><li class=\"sf-level-0 sf-item-25\" data-sf-count=\"49\" data-sf-depth=\"0\"><input  class=\"sf-input-checkbox\" type=\"checkbox\" value=\"news-sv\" name=\"_sft_category[]\" id=\"sf-input-f9b0d4e58717fdf82fdc7d07bdd588e7\"><label class=\"sf-label-checkbox\" for=\"sf-input-f9b0d4e58717fdf82fdc7d07bdd588e7\">Nyheter<\/label><\/li><li class=\"sf-level-0 sf-item-44\" data-sf-count=\"1\" data-sf-depth=\"0\"><input  class=\"sf-input-checkbox\" type=\"checkbox\" value=\"newsletter-sv\" name=\"_sft_category[]\" id=\"sf-input-8687d3f20d36d600423f478516e5006e\"><label class=\"sf-label-checkbox\" for=\"sf-input-8687d3f20d36d600423f478516e5006e\">Nyhetsbrev<\/label><\/li><li class=\"sf-level-0 sf-item-45\" data-sf-count=\"3\" data-sf-depth=\"0\"><input  class=\"sf-input-checkbox\" type=\"checkbox\" value=\"open-calls-sv\" name=\"_sft_category[]\" id=\"sf-input-07ec8ed984ab3353ceb95c5611874169\"><label class=\"sf-label-checkbox\" for=\"sf-input-07ec8ed984ab3353ceb95c5611874169\">P\u00e5g\u00e5ende Utlysningar<\/label><\/li>\t\t<\/ul>\n\t\t<\/li><\/ul><\/form><div class=\"search-filter-results\" id=\"search-filter-results-1732\">\t<div class=\"grid-item-wrapper col-3\">\r\n\t<div class=\"grid-item post interviews-sv\">\n\t<div class=\"upper\">\n\t\t<div class='post-img'><img fetchpriority=\"high\" decoding=\"async\" width=\"389\" height=\"477\" src=\"https:\/\/www.medtechlabs.se\/wp-content\/uploads\/2025\/12\/Valentina.png\" class=\"attachment-post-thumbnail size-post-thumbnail wp-post-image\" alt=\"Picture of Valentina Quartieri\" srcset=\"https:\/\/www.medtechlabs.se\/wp-content\/uploads\/2025\/12\/Valentina.png 389w, https:\/\/www.medtechlabs.se\/wp-content\/uploads\/2025\/12\/Valentina-245x300.png 245w\" sizes=\"(max-width: 389px) 100vw, 389px\" \/><\/div>\t\t<div class=\"post-content\">\n\t\t\t<tag><span>Intervjuer<\/span><\/tag>\t\t\t<h3 class=\"post-title\"><a href=\"https:\/\/www.medtechlabs.se\/sv\/i-sverige-verkar-det-finnas-en-storre-oppenhet-for-samarbete-sarskilt-inom-kliniska-miljoer\/\">\u201dI Sverige verkar det finnas en st\u00f6rre \u00f6ppenhet f\u00f6r samarbete, s\u00e4rskilt inom kliniska milj\u00f6er.&#8221;<\/a><\/h3>\n\t\t<p class=\"post-ingress\">MedTechLabs forskargrupp v\u00e4xer. L\u00e4r k\u00e4nna Valentina Quartieri, doktorand vid KTH, avdelningen f\u00f6r material- och strukturmekanik, och medlem i MedTechLabs PI Christian Gassers\u2026<\/p>\n\t\t<\/div>\n\t<\/div>\n\t<div class=\"lower\">\n\t\t<a class=\"post-link\" href=\"https:\/\/www.medtechlabs.se\/sv\/i-sverige-verkar-det-finnas-en-storre-oppenhet-for-samarbete-sarskilt-inom-kliniska-miljoer\/\">\n\t\tL\u00e4s mer\t\t<\/a>\n\t<\/div>\n<\/div><div class=\"grid-item post news-sv\">\n\t<div class=\"upper\">\n\t\t<div class='post-img'><img decoding=\"async\" width=\"1080\" height=\"1080\" src=\"https:\/\/www.medtechlabs.se\/wp-content\/uploads\/2025\/10\/M.Larsson_2_small.jpeg\" class=\"attachment-post-thumbnail size-post-thumbnail wp-post-image\" alt=\"Picture of Matilda Larsson\" srcset=\"https:\/\/www.medtechlabs.se\/wp-content\/uploads\/2025\/10\/M.Larsson_2_small.jpeg 1080w, https:\/\/www.medtechlabs.se\/wp-content\/uploads\/2025\/10\/M.Larsson_2_small-300x300.jpeg 300w, https:\/\/www.medtechlabs.se\/wp-content\/uploads\/2025\/10\/M.Larsson_2_small-1024x1024.jpeg 1024w, https:\/\/www.medtechlabs.se\/wp-content\/uploads\/2025\/10\/M.Larsson_2_small-150x150.jpeg 150w, https:\/\/www.medtechlabs.se\/wp-content\/uploads\/2025\/10\/M.Larsson_2_small-768x768.jpeg 768w, https:\/\/www.medtechlabs.se\/wp-content\/uploads\/2025\/10\/M.Larsson_2_small-600x600.jpeg 600w\" sizes=\"(max-width: 1080px) 100vw, 1080px\" \/><\/div>\t\t<div class=\"post-content\">\n\t\t\t<tag><span>Nyheter<\/span><\/tag>\t\t\t<h3 class=\"post-title\"><a href=\"https:\/\/www.medtechlabs.se\/sv\/jag-vill-bidra-till-forskning-som-gor-skillnad-i-varden\/\">\u201dJag vill bidra till forskning som g\u00f6r skillnad i v\u00e5rden\u201d<\/a><\/h3>\n\t\t<p class=\"post-ingress\">Matilda Larsson \u00e4r ny medlem i styrgruppen f\u00f6r MedTechLabs. Till vardags arbetar hon vid KTH och d\u00e5 bland annat med forskning runt\u2026<\/p>\n\t\t<\/div>\n\t<\/div>\n\t<div class=\"lower\">\n\t\t<a class=\"post-link\" href=\"https:\/\/www.medtechlabs.se\/sv\/jag-vill-bidra-till-forskning-som-gor-skillnad-i-varden\/\">\n\t\tL\u00e4s mer\t\t<\/a>\n\t<\/div>\n<\/div><div class=\"grid-item post news-sv\">\n\t<div class=\"upper\">\n\t\t<div class='post-img'><img decoding=\"async\" width=\"1080\" height=\"810\" src=\"https:\/\/www.medtechlabs.se\/wp-content\/uploads\/2025\/06\/Oskar_Allerbo.jpg\" class=\"attachment-post-thumbnail size-post-thumbnail wp-post-image\" alt=\"Picture of Oskar Allerbo\" srcset=\"https:\/\/www.medtechlabs.se\/wp-content\/uploads\/2025\/06\/Oskar_Allerbo.jpg 1080w, https:\/\/www.medtechlabs.se\/wp-content\/uploads\/2025\/06\/Oskar_Allerbo-300x225.jpg 300w, https:\/\/www.medtechlabs.se\/wp-content\/uploads\/2025\/06\/Oskar_Allerbo-1024x768.jpg 1024w, https:\/\/www.medtechlabs.se\/wp-content\/uploads\/2025\/06\/Oskar_Allerbo-768x576.jpg 768w, https:\/\/www.medtechlabs.se\/wp-content\/uploads\/2025\/06\/Oskar_Allerbo-600x450.jpg 600w\" sizes=\"(max-width: 1080px) 100vw, 1080px\" \/><\/div>\t\t<div class=\"post-content\">\n\t\t\t<tag><span>Nyheter<\/span><\/tag>\t\t\t<h3 class=\"post-title\"><a href=\"https:\/\/www.medtechlabs.se\/sv\/fran-volvo-till-vagusnerven-oskar-allerbo-forskar-om-att-lasa-av-kroppens-elektriska-aktivitet\/\">Fr\u00e5n Volvo till vagusnerven: Oskar Allerbo forskar om att l\u00e4sa av kroppens elektriska aktivitet<\/a><\/h3>\n\t\t<p class=\"post-ingress\">Oskar \u00e4r post doc och arbetar tillsammans med MedTechLabsforskarna Peder Olofsson, KI och Henrik Hult, KTH med inriktning mot bioelektronisk medicin. Vi\u2026<\/p>\n\t\t<\/div>\n\t<\/div>\n\t<div class=\"lower\">\n\t\t<a class=\"post-link\" href=\"https:\/\/www.medtechlabs.se\/sv\/fran-volvo-till-vagusnerven-oskar-allerbo-forskar-om-att-lasa-av-kroppens-elektriska-aktivitet\/\">\n\t\tL\u00e4s mer\t\t<\/a>\n\t<\/div>\n<\/div><div class=\"grid-item post articles-sv\">\n\t<div class=\"upper\">\n\t\t<div class='post-img'><img loading=\"lazy\" decoding=\"async\" width=\"1400\" height=\"788\" src=\"https:\/\/www.medtechlabs.se\/wp-content\/uploads\/2025\/05\/MOA-YVEBORG_web.jpg\" class=\"attachment-post-thumbnail size-post-thumbnail wp-post-image\" alt=\"Picture of Moa Yveborg Tamm, 1Micron\" srcset=\"https:\/\/www.medtechlabs.se\/wp-content\/uploads\/2025\/05\/MOA-YVEBORG_web.jpg 1400w, https:\/\/www.medtechlabs.se\/wp-content\/uploads\/2025\/05\/MOA-YVEBORG_web-300x169.jpg 300w, https:\/\/www.medtechlabs.se\/wp-content\/uploads\/2025\/05\/MOA-YVEBORG_web-1024x576.jpg 1024w, https:\/\/www.medtechlabs.se\/wp-content\/uploads\/2025\/05\/MOA-YVEBORG_web-768x432.jpg 768w, https:\/\/www.medtechlabs.se\/wp-content\/uploads\/2025\/05\/MOA-YVEBORG_web-600x338.jpg 600w\" sizes=\"(max-width: 1400px) 100vw, 1400px\" \/><\/div>\t\t<div class=\"post-content\">\n\t\t\t<tag><span>Artiklar<\/span><\/tag>\t\t\t<h3 class=\"post-title\"><a href=\"https:\/\/www.medtechlabs.se\/sv\/hon-leder-projektet-som-kan-revolutionera-datortomografin\/\">Hon leder\u00a0projektet som kan revolutionera datortomografin<\/a><\/h3>\n\t\t<p class=\"post-ingress\">\u2013 Erfarenhet fr\u00e5n tv\u00e4rvetenskap och industri ger Moa Yveborg Tamm tillf\u00f6rsikt n\u00e4r EU-projektet 1Micron drar ig\u00e5ng.<\/p>\n\t\t<\/div>\n\t<\/div>\n\t<div class=\"lower\">\n\t\t<a class=\"post-link\" href=\"https:\/\/www.medtechlabs.se\/sv\/hon-leder-projektet-som-kan-revolutionera-datortomografin\/\">\n\t\tL\u00e4s mer\t\t<\/a>\n\t<\/div>\n<\/div><div class=\"grid-item post articles-sv\">\n\t<div class=\"upper\">\n\t\t<div class='post-img'><img loading=\"lazy\" decoding=\"async\" width=\"857\" height=\"1000\" src=\"https:\/\/www.medtechlabs.se\/wp-content\/uploads\/2025\/05\/250122_2_0257__cropped_Web.jpg\" class=\"attachment-post-thumbnail size-post-thumbnail wp-post-image\" alt=\"Portrait picture of Andreas Scheutz\" srcset=\"https:\/\/www.medtechlabs.se\/wp-content\/uploads\/2025\/05\/250122_2_0257__cropped_Web.jpg 857w, https:\/\/www.medtechlabs.se\/wp-content\/uploads\/2025\/05\/250122_2_0257__cropped_Web-257x300.jpg 257w, https:\/\/www.medtechlabs.se\/wp-content\/uploads\/2025\/05\/250122_2_0257__cropped_Web-768x896.jpg 768w, https:\/\/www.medtechlabs.se\/wp-content\/uploads\/2025\/05\/250122_2_0257__cropped_Web-600x700.jpg 600w\" sizes=\"(max-width: 857px) 100vw, 857px\" \/><\/div>\t\t<div class=\"post-content\">\n\t\t\t<tag><span>Artiklar<\/span><\/tag>\t\t\t<h3 class=\"post-title\"><a href=\"https:\/\/www.medtechlabs.se\/sv\/medtechlabs-ska-framja-utveckling-av-morgondagens-medicinteknik\/\">\u201dMedTechLabs ska fr\u00e4mja utveckling av morgondagens medicinteknik\u201d<\/a><\/h3>\n\t\t<p class=\"post-ingress\">\u2013 Intervju med MedTechLabs nya ordf\u00f6rande Andreas Scheutz.<\/p>\n\t\t<\/div>\n\t<\/div>\n\t<div class=\"lower\">\n\t\t<a class=\"post-link\" href=\"https:\/\/www.medtechlabs.se\/sv\/medtechlabs-ska-framja-utveckling-av-morgondagens-medicinteknik\/\">\n\t\tL\u00e4s mer\t\t<\/a>\n\t<\/div>\n<\/div><div class=\"grid-item post news-sv\">\n\t<div class=\"upper\">\n\t\t<div class='post-img'><img loading=\"lazy\" decoding=\"async\" width=\"2560\" height=\"2083\" src=\"https:\/\/www.medtechlabs.se\/wp-content\/uploads\/2025\/04\/Kursavslutning_vt2025-scaled.jpg\" class=\"attachment-post-thumbnail size-post-thumbnail wp-post-image\" alt=\"Photo of H\u00e5kan Almqvist, Consultant Neuroradiologist, CAPIO S:T G\u00d6RANS SJUKHUS AB (right), \u00c5sa Kuntze S\u00f6derqvist, Consultant, PhD, Neuroradiologist and Neurointerventionist. ME Neuroradiology, Karolinska University Hospital (middle), and Michael Mazya, Consultant, Associate Professor, Neurologist. ME Neurology, Karolinska University Hospital (left).\" srcset=\"https:\/\/www.medtechlabs.se\/wp-content\/uploads\/2025\/04\/Kursavslutning_vt2025-scaled.jpg 2560w, https:\/\/www.medtechlabs.se\/wp-content\/uploads\/2025\/04\/Kursavslutning_vt2025-300x244.jpg 300w, https:\/\/www.medtechlabs.se\/wp-content\/uploads\/2025\/04\/Kursavslutning_vt2025-1024x833.jpg 1024w, https:\/\/www.medtechlabs.se\/wp-content\/uploads\/2025\/04\/Kursavslutning_vt2025-768x625.jpg 768w, https:\/\/www.medtechlabs.se\/wp-content\/uploads\/2025\/04\/Kursavslutning_vt2025-1536x1250.jpg 1536w, https:\/\/www.medtechlabs.se\/wp-content\/uploads\/2025\/04\/Kursavslutning_vt2025-2048x1667.jpg 2048w, https:\/\/www.medtechlabs.se\/wp-content\/uploads\/2025\/04\/Kursavslutning_vt2025-2000x1628.jpg 2000w, https:\/\/www.medtechlabs.se\/wp-content\/uploads\/2025\/04\/Kursavslutning_vt2025-600x488.jpg 600w\" sizes=\"(max-width: 2560px) 100vw, 2560px\" \/><\/div>\t\t<div class=\"post-content\">\n\t\t\t<tag><span>Nyheter<\/span><\/tag>\t\t\t<h3 class=\"post-title\"><a href=\"https:\/\/www.medtechlabs.se\/sv\/slutseminarium-avklarat-for-varkursen-i-akut-stroke\/\">Slutseminarium avklarat f\u00f6r v\u00e5rkursen i akut stroke<\/a><\/h3>\n\t\t<p class=\"post-ingress\">Fredag den 4 april h\u00f6lls slutseminariet f\u00f6r v\u00e5r kurs i \"Akut stroke, diagnostik och behandling\" p\u00e5 BioClinicum i Solna. 16 kursdeltagare fick\u2026<\/p>\n\t\t<\/div>\n\t<\/div>\n\t<div class=\"lower\">\n\t\t<a class=\"post-link\" href=\"https:\/\/www.medtechlabs.se\/sv\/slutseminarium-avklarat-for-varkursen-i-akut-stroke\/\">\n\t\tL\u00e4s mer\t\t<\/a>\n\t<\/div>\n<\/div><div class=\"grid-item post interviews-sv\">\n\t<div class=\"upper\">\n\t\t<div class='post-img'><img loading=\"lazy\" decoding=\"async\" width=\"1063\" height=\"1063\" src=\"https:\/\/www.medtechlabs.se\/wp-content\/uploads\/2025\/02\/Clara-3_small_cropped.jpg\" class=\"attachment-post-thumbnail size-post-thumbnail wp-post-image\" alt=\"\" srcset=\"https:\/\/www.medtechlabs.se\/wp-content\/uploads\/2025\/02\/Clara-3_small_cropped.jpg 1063w, https:\/\/www.medtechlabs.se\/wp-content\/uploads\/2025\/02\/Clara-3_small_cropped-300x300.jpg 300w, https:\/\/www.medtechlabs.se\/wp-content\/uploads\/2025\/02\/Clara-3_small_cropped-1024x1024.jpg 1024w, https:\/\/www.medtechlabs.se\/wp-content\/uploads\/2025\/02\/Clara-3_small_cropped-150x150.jpg 150w, https:\/\/www.medtechlabs.se\/wp-content\/uploads\/2025\/02\/Clara-3_small_cropped-768x768.jpg 768w, https:\/\/www.medtechlabs.se\/wp-content\/uploads\/2025\/02\/Clara-3_small_cropped-600x600.jpg 600w\" sizes=\"(max-width: 1063px) 100vw, 1063px\" \/><\/div>\t\t<div class=\"post-content\">\n\t\t\t<tag><span>Intervjuer<\/span><\/tag>\t\t\t<h3 class=\"post-title\"><a href=\"https:\/\/www.medtechlabs.se\/sv\/ett-privilegium-att-fa-framja-svensk-forskning\/\">&#8221;Ett privilegium att f\u00e5 fr\u00e4mja svensk forskning&#8221;<\/a><\/h3>\n\t\t<p class=\"post-ingress\">Som tidigare meddelats l\u00e4mnar Clara Hellner, forsknings- och innovationsdirekt\u00f6r i Region Stockholm, sin post som ordf\u00f6rande i MedTechLabs styrgrupp. Vi tog ett\u2026<\/p>\n\t\t<\/div>\n\t<\/div>\n\t<div class=\"lower\">\n\t\t<a class=\"post-link\" href=\"https:\/\/www.medtechlabs.se\/sv\/ett-privilegium-att-fa-framja-svensk-forskning\/\">\n\t\tL\u00e4s mer\t\t<\/a>\n\t<\/div>\n<\/div><div class=\"grid-item post news-sv\">\n\t<div class=\"upper\">\n\t\t<div class='post-img'><img loading=\"lazy\" decoding=\"async\" width=\"2560\" height=\"1700\" src=\"https:\/\/www.medtechlabs.se\/wp-content\/uploads\/2023\/10\/Centre-News_image-scaled.jpg\" class=\"attachment-post-thumbnail size-post-thumbnail wp-post-image\" alt=\"\" srcset=\"https:\/\/www.medtechlabs.se\/wp-content\/uploads\/2023\/10\/Centre-News_image-scaled.jpg 2560w, https:\/\/www.medtechlabs.se\/wp-content\/uploads\/2023\/10\/Centre-News_image-300x199.jpg 300w, https:\/\/www.medtechlabs.se\/wp-content\/uploads\/2023\/10\/Centre-News_image-1024x680.jpg 1024w, https:\/\/www.medtechlabs.se\/wp-content\/uploads\/2023\/10\/Centre-News_image-768x510.jpg 768w, https:\/\/www.medtechlabs.se\/wp-content\/uploads\/2023\/10\/Centre-News_image-1536x1020.jpg 1536w, https:\/\/www.medtechlabs.se\/wp-content\/uploads\/2023\/10\/Centre-News_image-2048x1360.jpg 2048w, https:\/\/www.medtechlabs.se\/wp-content\/uploads\/2023\/10\/Centre-News_image-2000x1328.jpg 2000w, https:\/\/www.medtechlabs.se\/wp-content\/uploads\/2023\/10\/Centre-News_image-600x399.jpg 600w\" sizes=\"(max-width: 2560px) 100vw, 2560px\" \/><\/div>\t\t<div class=\"post-content\">\n\t\t\t<tag><span>Nyheter<\/span><\/tag>\t\t\t<h3 class=\"post-title\"><a href=\"https:\/\/www.medtechlabs.se\/sv\/forskning-om-stroke-och-epilepsi-beviljas-miljonmedel-fran-medtechlabs\/\">Forskning om stroke och epilepsi beviljas miljonmedel fr\u00e5n MedTechLabs<\/a><\/h3>\n\t\t<p class=\"post-ingress\">MedTechLabs har beviljat 35 miljoner kronor f\u00f6r forskning p\u00e5 tv\u00e5 nya omr\u00e5den. En forskargrupp ska fokusera p\u00e5 teknik f\u00f6r att m\u00f6jligg\u00f6ra individuell\u2026<\/p>\n\t\t<\/div>\n\t<\/div>\n\t<div class=\"lower\">\n\t\t<a class=\"post-link\" href=\"https:\/\/www.medtechlabs.se\/sv\/forskning-om-stroke-och-epilepsi-beviljas-miljonmedel-fran-medtechlabs\/\">\n\t\tL\u00e4s mer\t\t<\/a>\n\t<\/div>\n<\/div><div class=\"grid-item post news-sv\">\n\t<div class=\"upper\">\n\t\t<div class='post-img'><img loading=\"lazy\" decoding=\"async\" width=\"1000\" height=\"500\" src=\"https:\/\/www.medtechlabs.se\/wp-content\/uploads\/2024\/09\/topp-mats-3.jpg\" class=\"attachment-post-thumbnail size-post-thumbnail wp-post-image\" alt=\"\" srcset=\"https:\/\/www.medtechlabs.se\/wp-content\/uploads\/2024\/09\/topp-mats-3.jpg 1000w, https:\/\/www.medtechlabs.se\/wp-content\/uploads\/2024\/09\/topp-mats-3-300x150.jpg 300w, https:\/\/www.medtechlabs.se\/wp-content\/uploads\/2024\/09\/topp-mats-3-768x384.jpg 768w, https:\/\/www.medtechlabs.se\/wp-content\/uploads\/2024\/09\/topp-mats-3-600x300.jpg 600w\" sizes=\"(max-width: 1000px) 100vw, 1000px\" \/><\/div>\t\t<div class=\"post-content\">\n\t\t\t<tag><span>Nyheter<\/span><\/tag>\t\t\t<h3 class=\"post-title\"><a href=\"https:\/\/www.medtechlabs.se\/sv\/medtechlabs-pionjar-professor-mats-danielsson-vinner-kths-innovationspris-for-banbrytande-arbete-inom-medicinsk-bildbehandlingnyheter\/\">MedTechLabs pionj\u00e4r Professor Mats Danielsson vinner KTH:s innovationspris f\u00f6r banbrytande arbete inom medicinsk bildbehandlingNyheter<\/a><\/h3>\n\t\t<p class=\"post-ingress\"><\/p>\n\t\t<\/div>\n\t<\/div>\n\t<div class=\"lower\">\n\t\t<a class=\"post-link\" href=\"https:\/\/www.medtechlabs.se\/sv\/medtechlabs-pionjar-professor-mats-danielsson-vinner-kths-innovationspris-for-banbrytande-arbete-inom-medicinsk-bildbehandlingnyheter\/\">\n\t\tL\u00e4s mer\t\t<\/a>\n\t<\/div>\n<\/div><div class=\"grid-item post news-sv\">\n\t<div class=\"upper\">\n\t\t<div class='post-img'><img loading=\"lazy\" decoding=\"async\" width=\"1000\" height=\"1336\" src=\"https:\/\/www.medtechlabs.se\/wp-content\/uploads\/2024\/06\/LINDER-KRISTOFFER.jpg\" class=\"attachment-post-thumbnail size-post-thumbnail wp-post-image\" alt=\"Picture of Kristoffer Linder\" srcset=\"https:\/\/www.medtechlabs.se\/wp-content\/uploads\/2024\/06\/LINDER-KRISTOFFER.jpg 1000w, https:\/\/www.medtechlabs.se\/wp-content\/uploads\/2024\/06\/LINDER-KRISTOFFER-225x300.jpg 225w, https:\/\/www.medtechlabs.se\/wp-content\/uploads\/2024\/06\/LINDER-KRISTOFFER-766x1024.jpg 766w, https:\/\/www.medtechlabs.se\/wp-content\/uploads\/2024\/06\/LINDER-KRISTOFFER-768x1026.jpg 768w, https:\/\/www.medtechlabs.se\/wp-content\/uploads\/2024\/06\/LINDER-KRISTOFFER-600x802.jpg 600w\" sizes=\"(max-width: 1000px) 100vw, 1000px\" \/><\/div>\t\t<div class=\"post-content\">\n\t\t\t<tag><span>Nyheter<\/span><\/tag>\t\t\t<h3 class=\"post-title\"><a href=\"https:\/\/www.medtechlabs.se\/sv\/intervju-kristoffer-linder-som-gatt-hybridkursen-i-akut-stroke\/\">Intervju | Kristoffer Linder, som g\u00e5tt hybridkursen i akut stroke<\/a><\/h3>\n\t\t<p class=\"post-ingress\">MedTechLabs arrangerar sedan 2023 en hybridkurs i akut stroke, diagnos och behandling.\u00a0Utbildningen \u00e4r Lipuscertifierad och riktar sig till ST-l\u00e4kare och specialistl\u00e4kare som\u2026<\/p>\n\t\t<\/div>\n\t<\/div>\n\t<div class=\"lower\">\n\t\t<a class=\"post-link\" href=\"https:\/\/www.medtechlabs.se\/sv\/intervju-kristoffer-linder-som-gatt-hybridkursen-i-akut-stroke\/\">\n\t\tL\u00e4s mer\t\t<\/a>\n\t<\/div>\n<\/div><div class=\"grid-item post news-sv\">\n\t<div class=\"upper\">\n\t\t<div class='post-img'><img loading=\"lazy\" decoding=\"async\" width=\"2000\" height=\"1548\" src=\"https:\/\/www.medtechlabs.se\/wp-content\/uploads\/2024\/05\/Patrik-Jarwoll_2000.jpg\" class=\"attachment-post-thumbnail size-post-thumbnail wp-post-image\" alt=\"Picture of Patrik Jarwoll\" srcset=\"https:\/\/www.medtechlabs.se\/wp-content\/uploads\/2024\/05\/Patrik-Jarwoll_2000.jpg 2000w, https:\/\/www.medtechlabs.se\/wp-content\/uploads\/2024\/05\/Patrik-Jarwoll_2000-300x232.jpg 300w, https:\/\/www.medtechlabs.se\/wp-content\/uploads\/2024\/05\/Patrik-Jarwoll_2000-1024x793.jpg 1024w, https:\/\/www.medtechlabs.se\/wp-content\/uploads\/2024\/05\/Patrik-Jarwoll_2000-768x594.jpg 768w, https:\/\/www.medtechlabs.se\/wp-content\/uploads\/2024\/05\/Patrik-Jarwoll_2000-1536x1189.jpg 1536w, https:\/\/www.medtechlabs.se\/wp-content\/uploads\/2024\/05\/Patrik-Jarwoll_2000-600x464.jpg 600w\" sizes=\"(max-width: 2000px) 100vw, 2000px\" \/><\/div>\t\t<div class=\"post-content\">\n\t\t\t<tag><span>Nyheter<\/span><\/tag>\t\t\t<h3 class=\"post-title\"><a href=\"https:\/\/www.medtechlabs.se\/sv\/intervju-patrik-jarwoll-ny-medlem-i-styrgruppen\/\">Intervju | Patrik Jarwoll, ny medlem i styrgruppen<\/a><\/h3>\n\t\t<p class=\"post-ingress\">Vi tog en pratstund med Patrik Jarwoll och bad honom presentera sig sj\u00e4lv, varf\u00f6r han valt att g\u00e5 med i MedTechLabs och\u2026<\/p>\n\t\t<\/div>\n\t<\/div>\n\t<div class=\"lower\">\n\t\t<a class=\"post-link\" href=\"https:\/\/www.medtechlabs.se\/sv\/intervju-patrik-jarwoll-ny-medlem-i-styrgruppen\/\">\n\t\tL\u00e4s mer\t\t<\/a>\n\t<\/div>\n<\/div><div class=\"grid-item post open-calls-sv\">\n\t<div class=\"upper\">\n\t\t<div class='post-img'><img loading=\"lazy\" decoding=\"async\" width=\"1080\" height=\"600\" src=\"https:\/\/www.medtechlabs.se\/wp-content\/uploads\/2024\/03\/medtechlabs_logo_orange_webbild-m-rubrik_SV.jpg\" class=\"attachment-post-thumbnail size-post-thumbnail wp-post-image\" alt=\"\" srcset=\"https:\/\/www.medtechlabs.se\/wp-content\/uploads\/2024\/03\/medtechlabs_logo_orange_webbild-m-rubrik_SV.jpg 1080w, https:\/\/www.medtechlabs.se\/wp-content\/uploads\/2024\/03\/medtechlabs_logo_orange_webbild-m-rubrik_SV-300x167.jpg 300w, https:\/\/www.medtechlabs.se\/wp-content\/uploads\/2024\/03\/medtechlabs_logo_orange_webbild-m-rubrik_SV-1024x569.jpg 1024w, https:\/\/www.medtechlabs.se\/wp-content\/uploads\/2024\/03\/medtechlabs_logo_orange_webbild-m-rubrik_SV-768x427.jpg 768w, https:\/\/www.medtechlabs.se\/wp-content\/uploads\/2024\/03\/medtechlabs_logo_orange_webbild-m-rubrik_SV-600x333.jpg 600w\" sizes=\"(max-width: 1080px) 100vw, 1080px\" \/><\/div>\t\t<div class=\"post-content\">\n\t\t\t<tag><span>P\u00e5g\u00e5ende Utlysningar<\/span><\/tag>\t\t\t<h3 class=\"post-title\"><a href=\"https:\/\/www.medtechlabs.se\/sv\/utlysning-2024\/\">Utlysning 2024<\/a><\/h3>\n\t\t<p class=\"post-ingress\">MedTechLabs utlyser medel f\u00f6r finansiering av forskningsprogram inom omr\u00e5dena (1) Precisionsh\u00e4lsa och (2) Data-driven h\u00e4lso- och sjukv\u00e5rd. Forskningen ska vara inriktad p\u00e5\u2026<\/p>\n\t\t<\/div>\n\t<\/div>\n\t<div class=\"lower\">\n\t\t<a class=\"post-link\" href=\"https:\/\/www.medtechlabs.se\/sv\/utlysning-2024\/\">\n\t\tL\u00e4s mer\t\t<\/a>\n\t<\/div>\n<\/div><div class=\"grid-item post interviews-sv\">\n\t<div class=\"upper\">\n\t\t<div class='post-img'><img loading=\"lazy\" decoding=\"async\" width=\"1200\" height=\"732\" src=\"https:\/\/www.medtechlabs.se\/wp-content\/uploads\/2024\/02\/Film-still-exam-Ai-grid-1200.jpg\" class=\"attachment-post-thumbnail size-post-thumbnail wp-post-image\" alt=\"Bild av kvinna som k\u00e4nner efter f\u00f6r\u00e4ndringar i sitt ena br\u00f6st.\" srcset=\"https:\/\/www.medtechlabs.se\/wp-content\/uploads\/2024\/02\/Film-still-exam-Ai-grid-1200.jpg 1200w, https:\/\/www.medtechlabs.se\/wp-content\/uploads\/2024\/02\/Film-still-exam-Ai-grid-1200-300x183.jpg 300w, https:\/\/www.medtechlabs.se\/wp-content\/uploads\/2024\/02\/Film-still-exam-Ai-grid-1200-1024x625.jpg 1024w, https:\/\/www.medtechlabs.se\/wp-content\/uploads\/2024\/02\/Film-still-exam-Ai-grid-1200-768x468.jpg 768w, https:\/\/www.medtechlabs.se\/wp-content\/uploads\/2024\/02\/Film-still-exam-Ai-grid-1200-600x366.jpg 600w\" sizes=\"(max-width: 1200px) 100vw, 1200px\" \/><\/div>\t\t<div class=\"post-content\">\n\t\t\t<tag><span>Intervjuer<\/span><\/tag>\t\t\t<h3 class=\"post-title\"><a href=\"https:\/\/www.medtechlabs.se\/sv\/datadriven-cancerdiagnostik-som-forandrar-varden\/\">Datadriven cancerdiagnostik som f\u00f6r\u00e4ndrar v\u00e5rden<\/a><\/h3>\n\t\t<p class=\"post-ingress\">Stratipath har flera \u00e5r tagit plats p\u00e5 listan \u00f6ver Sveriges b\u00e4sta teknikstartups. P\u00e5 bara fyra \u00e5r har deras forskningsbaserade AI-produkt antagits av\u2026<\/p>\n\t\t<\/div>\n\t<\/div>\n\t<div class=\"lower\">\n\t\t<a class=\"post-link\" href=\"https:\/\/www.medtechlabs.se\/sv\/datadriven-cancerdiagnostik-som-forandrar-varden\/\">\n\t\tL\u00e4s mer\t\t<\/a>\n\t<\/div>\n<\/div><div class=\"grid-item post news-sv\">\n\t<div class=\"upper\">\n\t\t<div class='post-img'><img loading=\"lazy\" decoding=\"async\" width=\"1984\" height=\"960\" src=\"https:\/\/www.medtechlabs.se\/wp-content\/uploads\/2023\/11\/Kurs_akut_stroke_collage.jpg\" class=\"attachment-post-thumbnail size-post-thumbnail wp-post-image\" alt=\"\" srcset=\"https:\/\/www.medtechlabs.se\/wp-content\/uploads\/2023\/11\/Kurs_akut_stroke_collage.jpg 1984w, https:\/\/www.medtechlabs.se\/wp-content\/uploads\/2023\/11\/Kurs_akut_stroke_collage-300x145.jpg 300w, https:\/\/www.medtechlabs.se\/wp-content\/uploads\/2023\/11\/Kurs_akut_stroke_collage-1024x495.jpg 1024w, https:\/\/www.medtechlabs.se\/wp-content\/uploads\/2023\/11\/Kurs_akut_stroke_collage-768x372.jpg 768w, https:\/\/www.medtechlabs.se\/wp-content\/uploads\/2023\/11\/Kurs_akut_stroke_collage-1536x743.jpg 1536w, https:\/\/www.medtechlabs.se\/wp-content\/uploads\/2023\/11\/Kurs_akut_stroke_collage-600x290.jpg 600w\" sizes=\"(max-width: 1984px) 100vw, 1984px\" \/><\/div>\t\t<div class=\"post-content\">\n\t\t\t<tag><span>Nyheter<\/span><\/tag>\t\t\t<h3 class=\"post-title\"><a href=\"https:\/\/www.medtechlabs.se\/sv\/overtecknad-hybridkurs-i-akut-stroke\/\">\u00d6vertecknad hybridkurs i akut stroke<\/a><\/h3>\n\t\t<p class=\"post-ingress\">I Sverige drabbas \u00e5rligen \u00f6ver 18 000 personer av akut ischemisk stroke. Med r\u00e4tt och snabb behandling av stroke r\u00e4ddas b\u00e5de liv\u2026<\/p>\n\t\t<\/div>\n\t<\/div>\n\t<div class=\"lower\">\n\t\t<a class=\"post-link\" href=\"https:\/\/www.medtechlabs.se\/sv\/overtecknad-hybridkurs-i-akut-stroke\/\">\n\t\tL\u00e4s mer\t\t<\/a>\n\t<\/div>\n<\/div><div class=\"grid-item post news-sv\">\n\t<div class=\"upper\">\n\t\t<div class='post-img'><img loading=\"lazy\" decoding=\"async\" width=\"2560\" height=\"1700\" src=\"https:\/\/www.medtechlabs.se\/wp-content\/uploads\/2023\/10\/Centre-News_image-scaled.jpg\" class=\"attachment-post-thumbnail size-post-thumbnail wp-post-image\" alt=\"\" srcset=\"https:\/\/www.medtechlabs.se\/wp-content\/uploads\/2023\/10\/Centre-News_image-scaled.jpg 2560w, https:\/\/www.medtechlabs.se\/wp-content\/uploads\/2023\/10\/Centre-News_image-300x199.jpg 300w, https:\/\/www.medtechlabs.se\/wp-content\/uploads\/2023\/10\/Centre-News_image-1024x680.jpg 1024w, https:\/\/www.medtechlabs.se\/wp-content\/uploads\/2023\/10\/Centre-News_image-768x510.jpg 768w, https:\/\/www.medtechlabs.se\/wp-content\/uploads\/2023\/10\/Centre-News_image-1536x1020.jpg 1536w, https:\/\/www.medtechlabs.se\/wp-content\/uploads\/2023\/10\/Centre-News_image-2048x1360.jpg 2048w, https:\/\/www.medtechlabs.se\/wp-content\/uploads\/2023\/10\/Centre-News_image-2000x1328.jpg 2000w, https:\/\/www.medtechlabs.se\/wp-content\/uploads\/2023\/10\/Centre-News_image-600x399.jpg 600w\" sizes=\"(max-width: 2560px) 100vw, 2560px\" \/><\/div>\t\t<div class=\"post-content\">\n\t\t\t<tag><span>Nyheter<\/span><\/tag>\t\t\t<h3 class=\"post-title\"><a href=\"https:\/\/www.medtechlabs.se\/sv\/forskning-om-fosterovervakning-vid-forlossning-och-ny-diagnos-av-hjarnsjukdomar-vinner-medtechlabs-utlysning\/\">Tv\u00e5 nya forskningsprogram till MedTechLabs<\/a><\/h3>\n\t\t<p class=\"post-ingress\">MedTechLabs har beviljat 35 miljoner kronor f\u00f6r tv\u00e5 nya medicintekniska forskningsprogram. I det f\u00f6rsta tas en ny metod fram f\u00f6r att \u00f6vervaka\u2026<\/p>\n\t\t<\/div>\n\t<\/div>\n\t<div class=\"lower\">\n\t\t<a class=\"post-link\" href=\"https:\/\/www.medtechlabs.se\/sv\/forskning-om-fosterovervakning-vid-forlossning-och-ny-diagnos-av-hjarnsjukdomar-vinner-medtechlabs-utlysning\/\">\n\t\tL\u00e4s mer\t\t<\/a>\n\t<\/div>\n<\/div><div class=\"grid-item post news-sv\">\n\t<div class=\"upper\">\n\t\t<div class='post-img'><img loading=\"lazy\" decoding=\"async\" width=\"2000\" height=\"1317\" src=\"https:\/\/www.medtechlabs.se\/wp-content\/uploads\/2023\/09\/Fredrik-Strand_TV-inslag_2023.jpg\" class=\"attachment-post-thumbnail size-post-thumbnail wp-post-image\" alt=\"Fredrik Strand on national television SVT\" srcset=\"https:\/\/www.medtechlabs.se\/wp-content\/uploads\/2023\/09\/Fredrik-Strand_TV-inslag_2023.jpg 2000w, https:\/\/www.medtechlabs.se\/wp-content\/uploads\/2023\/09\/Fredrik-Strand_TV-inslag_2023-300x198.jpg 300w, https:\/\/www.medtechlabs.se\/wp-content\/uploads\/2023\/09\/Fredrik-Strand_TV-inslag_2023-1024x674.jpg 1024w, https:\/\/www.medtechlabs.se\/wp-content\/uploads\/2023\/09\/Fredrik-Strand_TV-inslag_2023-768x506.jpg 768w, https:\/\/www.medtechlabs.se\/wp-content\/uploads\/2023\/09\/Fredrik-Strand_TV-inslag_2023-1536x1011.jpg 1536w, https:\/\/www.medtechlabs.se\/wp-content\/uploads\/2023\/09\/Fredrik-Strand_TV-inslag_2023-600x395.jpg 600w\" sizes=\"(max-width: 2000px) 100vw, 2000px\" \/><\/div>\t\t<div class=\"post-content\">\n\t\t\t<tag><span>Nyheter<\/span><\/tag>\t\t\t<h3 class=\"post-title\"><a href=\"https:\/\/www.medtechlabs.se\/sv\/anvandning-av-medtechlabs-forskning-om-ai-och-brostcancer-i-rampljuset\/\">Forskning om AI och br\u00f6stcancer i rampljuset<\/a><\/h3>\n\t\t<p class=\"post-ingress\">SVT lyfter fram effekterna av forskning om AI f\u00f6r uppt\u00e4ckt av br\u00f6stcancer vid mammografi, utf\u00f6rd av MedTechlabs forskare Kevin Smith och Fredrik\u2026<\/p>\n\t\t<\/div>\n\t<\/div>\n\t<div class=\"lower\">\n\t\t<a class=\"post-link\" href=\"https:\/\/www.medtechlabs.se\/sv\/anvandning-av-medtechlabs-forskning-om-ai-och-brostcancer-i-rampljuset\/\">\n\t\tL\u00e4s mer\t\t<\/a>\n\t<\/div>\n<\/div><div class=\"grid-item post news-sv\">\n\t<div class=\"upper\">\n\t\t<div class='post-img'><img loading=\"lazy\" decoding=\"async\" width=\"828\" height=\"621\" src=\"https:\/\/www.medtechlabs.se\/wp-content\/uploads\/2023\/08\/GE-HealtCare-visits-MedTechLabs.jpeg\" class=\"attachment-post-thumbnail size-post-thumbnail wp-post-image\" alt=\"\" srcset=\"https:\/\/www.medtechlabs.se\/wp-content\/uploads\/2023\/08\/GE-HealtCare-visits-MedTechLabs.jpeg 828w, https:\/\/www.medtechlabs.se\/wp-content\/uploads\/2023\/08\/GE-HealtCare-visits-MedTechLabs-300x225.jpeg 300w, https:\/\/www.medtechlabs.se\/wp-content\/uploads\/2023\/08\/GE-HealtCare-visits-MedTechLabs-768x576.jpeg 768w, https:\/\/www.medtechlabs.se\/wp-content\/uploads\/2023\/08\/GE-HealtCare-visits-MedTechLabs-600x450.jpeg 600w\" sizes=\"(max-width: 828px) 100vw, 828px\" \/><\/div>\t\t<div class=\"post-content\">\n\t\t\t<tag><span>Nyheter<\/span><\/tag>\t\t\t<h3 class=\"post-title\"><a href=\"https:\/\/www.medtechlabs.se\/sv\/ge-healthcares-hogsta-ledning-besoker-medtechlabs\/\">GE HealthCares VD bes\u00f6ker MedTechLabs<\/a><\/h3>\n\t\t<p class=\"post-ingress\"><\/p>\n\t\t<\/div>\n\t<\/div>\n\t<div class=\"lower\">\n\t\t<a class=\"post-link\" href=\"https:\/\/www.medtechlabs.se\/sv\/ge-healthcares-hogsta-ledning-besoker-medtechlabs\/\">\n\t\tL\u00e4s mer\t\t<\/a>\n\t<\/div>\n<\/div><div class=\"grid-item post articles-sv\">\n\t<div class=\"upper\">\n\t\t<div class='post-img'><img loading=\"lazy\" decoding=\"async\" width=\"2000\" height=\"1450\" src=\"https:\/\/www.medtechlabs.se\/wp-content\/uploads\/2023\/08\/IMG_7024_2000.jpg\" class=\"attachment-post-thumbnail size-post-thumbnail wp-post-image\" alt=\"\" srcset=\"https:\/\/www.medtechlabs.se\/wp-content\/uploads\/2023\/08\/IMG_7024_2000.jpg 2000w, https:\/\/www.medtechlabs.se\/wp-content\/uploads\/2023\/08\/IMG_7024_2000-300x218.jpg 300w, https:\/\/www.medtechlabs.se\/wp-content\/uploads\/2023\/08\/IMG_7024_2000-1024x742.jpg 1024w, https:\/\/www.medtechlabs.se\/wp-content\/uploads\/2023\/08\/IMG_7024_2000-768x557.jpg 768w, https:\/\/www.medtechlabs.se\/wp-content\/uploads\/2023\/08\/IMG_7024_2000-1536x1114.jpg 1536w, https:\/\/www.medtechlabs.se\/wp-content\/uploads\/2023\/08\/IMG_7024_2000-600x435.jpg 600w\" sizes=\"(max-width: 2000px) 100vw, 2000px\" \/><\/div>\t\t<div class=\"post-content\">\n\t\t\t<tag><span>Artiklar<\/span><\/tag>\t\t\t<h3 class=\"post-title\"><a href=\"https:\/\/www.medtechlabs.se\/sv\/skydd-for-digitala-immateriella-tillgangar\/\">Seminarium | Skydd av AI-till\u00e4mpningar<\/a><\/h3>\n\t\t<p class=\"post-ingress\">Den 19 april 2023 arrangerade MedTechLabs ett seminarium med fokus p\u00e5 strategier f\u00f6r forskare som vill bli b\u00e4ttre p\u00e5 att identifiera och\u2026<\/p>\n\t\t<\/div>\n\t<\/div>\n\t<div class=\"lower\">\n\t\t<a class=\"post-link\" href=\"https:\/\/www.medtechlabs.se\/sv\/skydd-for-digitala-immateriella-tillgangar\/\">\n\t\tL\u00e4s mer\t\t<\/a>\n\t<\/div>\n<\/div><div class=\"grid-item post news-sv\">\n\t<div class=\"upper\">\n\t\t<div class='post-img'><img loading=\"lazy\" decoding=\"async\" width=\"2000\" height=\"1314\" src=\"https:\/\/www.medtechlabs.se\/wp-content\/uploads\/2023\/07\/Mats-och-Staffan.jpg\" class=\"attachment-post-thumbnail size-post-thumbnail wp-post-image\" alt=\"Portrait picture of Mats Danielsson and Staffan Holmin\" srcset=\"https:\/\/www.medtechlabs.se\/wp-content\/uploads\/2023\/07\/Mats-och-Staffan.jpg 2000w, https:\/\/www.medtechlabs.se\/wp-content\/uploads\/2023\/07\/Mats-och-Staffan-300x197.jpg 300w, https:\/\/www.medtechlabs.se\/wp-content\/uploads\/2023\/07\/Mats-och-Staffan-1024x673.jpg 1024w, https:\/\/www.medtechlabs.se\/wp-content\/uploads\/2023\/07\/Mats-och-Staffan-768x505.jpg 768w, https:\/\/www.medtechlabs.se\/wp-content\/uploads\/2023\/07\/Mats-och-Staffan-1536x1009.jpg 1536w, https:\/\/www.medtechlabs.se\/wp-content\/uploads\/2023\/07\/Mats-och-Staffan-600x394.jpg 600w\" sizes=\"(max-width: 2000px) 100vw, 2000px\" \/><\/div>\t\t<div class=\"post-content\">\n\t\t\t<tag><span>Nyheter<\/span><\/tag>\t\t\t<h3 class=\"post-title\"><a href=\"https:\/\/www.medtechlabs.se\/sv\/mats-danielsson-och-staffan-holmin-i-seminarium-om-precisionsmedicin\/\">Seminarium | Fr\u00e5n frontlinje till rutinsjukv\u00e5rd<\/a><\/h3>\n\t\t<p class=\"post-ingress\">Har vi r\u00e4tt organisation f\u00f6r den h\u00f6gspecialiserade v\u00e5rden i Sverige med sju universitetssjukhus som just nu befinner sig i dragkamp om de\u2026<\/p>\n\t\t<\/div>\n\t<\/div>\n\t<div class=\"lower\">\n\t\t<a class=\"post-link\" href=\"https:\/\/www.medtechlabs.se\/sv\/mats-danielsson-och-staffan-holmin-i-seminarium-om-precisionsmedicin\/\">\n\t\tL\u00e4s mer\t\t<\/a>\n\t<\/div>\n<\/div><div class=\"grid-item post news-sv\">\n\t<div class=\"upper\">\n\t\t<div class='post-img'><img loading=\"lazy\" decoding=\"async\" width=\"2000\" height=\"2499\" src=\"https:\/\/www.medtechlabs.se\/wp-content\/uploads\/2023\/07\/230123_2_0236_2_Web.jpg\" class=\"attachment-post-thumbnail size-post-thumbnail wp-post-image\" alt=\"Picture of Magnus Boman\" srcset=\"https:\/\/www.medtechlabs.se\/wp-content\/uploads\/2023\/07\/230123_2_0236_2_Web.jpg 2000w, https:\/\/www.medtechlabs.se\/wp-content\/uploads\/2023\/07\/230123_2_0236_2_Web-240x300.jpg 240w, https:\/\/www.medtechlabs.se\/wp-content\/uploads\/2023\/07\/230123_2_0236_2_Web-820x1024.jpg 820w, https:\/\/www.medtechlabs.se\/wp-content\/uploads\/2023\/07\/230123_2_0236_2_Web-768x960.jpg 768w, https:\/\/www.medtechlabs.se\/wp-content\/uploads\/2023\/07\/230123_2_0236_2_Web-1229x1536.jpg 1229w, https:\/\/www.medtechlabs.se\/wp-content\/uploads\/2023\/07\/230123_2_0236_2_Web-1639x2048.jpg 1639w, https:\/\/www.medtechlabs.se\/wp-content\/uploads\/2023\/07\/230123_2_0236_2_Web-600x750.jpg 600w\" sizes=\"(max-width: 2000px) 100vw, 2000px\" \/><\/div>\t\t<div class=\"post-content\">\n\t\t\t<tag><span>Nyheter<\/span><\/tag>\t\t\t<h3 class=\"post-title\"><a href=\"https:\/\/www.medtechlabs.se\/sv\/magnus-boman-om-hur-ai-kan-anvandas-inom-medicin-och-forskning\/\">Sommarlyssning! AI, medicin och forskning<\/a><\/h3>\n\t\t<p class=\"post-ingress\"><\/p>\n\t\t<\/div>\n\t<\/div>\n\t<div class=\"lower\">\n\t\t<a class=\"post-link\" href=\"https:\/\/www.medtechlabs.se\/sv\/magnus-boman-om-hur-ai-kan-anvandas-inom-medicin-och-forskning\/\">\n\t\tL\u00e4s mer\t\t<\/a>\n\t<\/div>\n<\/div><div class=\"grid-item post news-sv\">\n\t<div class=\"upper\">\n\t\t<div class='post-img'><img loading=\"lazy\" decoding=\"async\" width=\"2560\" height=\"1920\" src=\"https:\/\/www.medtechlabs.se\/wp-content\/uploads\/2026\/03\/l1Lbz0ozs91LwPcH-scaled.jpg\" class=\"attachment-post-thumbnail size-post-thumbnail wp-post-image\" alt=\"Pictured, from left to right: Moa Yveborg Tamm, Department of Physics, KTH; Martin Sj\u00f6lin, GE Healthcare; Erik Fredenberg, GE Healthcare and Department of Physics, KTH; Fredrik Gr\u00f6nberg, GE Healthcare; Mats Persson, Department of Physics, KTH; Mats Danielsson, Department of Physics, KTH. Photo: Mark Frontera\" srcset=\"https:\/\/www.medtechlabs.se\/wp-content\/uploads\/2026\/03\/l1Lbz0ozs91LwPcH-scaled.jpg 2560w, https:\/\/www.medtechlabs.se\/wp-content\/uploads\/2026\/03\/l1Lbz0ozs91LwPcH-300x225.jpg 300w, https:\/\/www.medtechlabs.se\/wp-content\/uploads\/2026\/03\/l1Lbz0ozs91LwPcH-1024x768.jpg 1024w, https:\/\/www.medtechlabs.se\/wp-content\/uploads\/2026\/03\/l1Lbz0ozs91LwPcH-768x576.jpg 768w, https:\/\/www.medtechlabs.se\/wp-content\/uploads\/2026\/03\/l1Lbz0ozs91LwPcH-1536x1152.jpg 1536w, https:\/\/www.medtechlabs.se\/wp-content\/uploads\/2026\/03\/l1Lbz0ozs91LwPcH-2048x1536.jpg 2048w, https:\/\/www.medtechlabs.se\/wp-content\/uploads\/2026\/03\/l1Lbz0ozs91LwPcH-2000x1500.jpg 2000w, https:\/\/www.medtechlabs.se\/wp-content\/uploads\/2026\/03\/l1Lbz0ozs91LwPcH-600x450.jpg 600w\" sizes=\"(max-width: 2560px) 100vw, 2560px\" \/><\/div>\t\t<div class=\"post-content\">\n\t\t\t<tag><span>Nyheter<\/span><\/tag>\t\t\t<h3 class=\"post-title\"><a href=\"https:\/\/www.medtechlabs.se\/sv\/teknik-utvecklad-vid-medtechlabs-uppvisad-i-chicago\/\">Teknik utvecklad vid Medtechlabs uppvisad i Chicago<\/a><\/h3>\n\t\t<p class=\"post-ingress\"><\/p>\n\t\t<\/div>\n\t<\/div>\n\t<div class=\"lower\">\n\t\t<a class=\"post-link\" href=\"https:\/\/www.medtechlabs.se\/sv\/teknik-utvecklad-vid-medtechlabs-uppvisad-i-chicago\/\">\n\t\tL\u00e4s mer\t\t<\/a>\n\t<\/div>\n<\/div>\t<\/div> <!-- end grid item wrapper -->\r\n\t\r\n\t<!-- \tPagination using the wp_pagenavi plugin -->\r\n\t\t<div class='wp-pagenavi' role='navigation'>\n<span class='pages'>Sida 1 av 10<\/span><span aria-current='page' class='current'>1<\/span><a class=\"page larger\" title=\"Sida 2\" href=\"https:\/\/www.medtechlabs.se\/sv\/nyheter\/?sf_paged=2\">2<\/a><a class=\"page larger\" title=\"Sida 3\" href=\"https:\/\/www.medtechlabs.se\/sv\/nyheter\/?sf_paged=3\">3<\/a><a class=\"page larger\" title=\"Sida 4\" href=\"https:\/\/www.medtechlabs.se\/sv\/nyheter\/?sf_paged=4\">4<\/a><a class=\"page larger\" title=\"Sida 5\" href=\"https:\/\/www.medtechlabs.se\/sv\/nyheter\/?sf_paged=5\">5<\/a><span class='extend'>...<\/span><a class=\"larger page\" title=\"Sida 10\" href=\"https:\/\/www.medtechlabs.se\/sv\/nyheter\/?sf_paged=10\">10<\/a><span class='extend'>...<\/span><a class=\"nextpostslink\" rel=\"next\" aria-label=\"N\u00e4sta sida\" href=\"https:\/\/www.medtechlabs.se\/sv\/nyheter\/?sf_paged=2\"><i class=\"fas fa-arrow-right\"><\/i><\/a><a class=\"last\" aria-label=\"Last Page\" href=\"https:\/\/www.medtechlabs.se\/sv\/nyheter\/?sf_paged=10\">Sista <i class=\"fas fa-arrow-right\"><\/i><\/a>\n<\/div>\r\n\t<\/div><\/p>\n","protected":false},"excerpt":{"rendered":"","protected":false},"author":1,"featured_media":849,"parent":0,"menu_order":0,"comment_status":"closed","ping_status":"closed","template":"","meta":{"_acf_changed":false,"footnotes":""},"class_list":["post-1728","page","type-page","status-publish","has-post-thumbnail","hentry"],"acf":[],"yoast_head":"<!-- This site is optimized with the Yoast SEO plugin v27.1 - https:\/\/yoast.com\/product\/yoast-seo-wordpress\/ -->\n<title>Nyheter - Medtechlabs Nyheter om MedTechlabs<\/title>\n<meta name=\"description\" content=\"L\u00e4s de senaste nyheterna om MedTechLabs, v\u00e5r forskning och innovation. Du kan ocks\u00e5 anm\u00e4la dig till v\u00e5rt nyhetsbrev.\" \/>\n<meta name=\"robots\" content=\"index, follow, max-snippet:-1, max-image-preview:large, max-video-preview:-1\" \/>\n<link rel=\"canonical\" href=\"https:\/\/www.medtechlabs.se\/sv\/nyheter\/\" \/>\n<meta property=\"og:locale\" content=\"sv_SE\" \/>\n<meta property=\"og:type\" content=\"article\" \/>\n<meta property=\"og:title\" content=\"Nyheter - Medtechlabs Nyheter om MedTechlabs\" \/>\n<meta property=\"og:description\" content=\"L\u00e4s de senaste nyheterna om MedTechLabs, v\u00e5r forskning och innovation. Du kan ocks\u00e5 anm\u00e4la dig till v\u00e5rt nyhetsbrev.\" \/>\n<meta property=\"og:url\" content=\"https:\/\/www.medtechlabs.se\/sv\/nyheter\/\" \/>\n<meta property=\"og:site_name\" content=\"Medtechlabs\" \/>\n<meta property=\"article:modified_time\" content=\"2024-01-05T13:08:47+00:00\" \/>\n<meta property=\"og:image\" content=\"https:\/\/www.medtechlabs.se\/wp-content\/uploads\/2023\/03\/2023-03-24-16_58_25-Utveckling-av-en-icke-invasiv-behandlingsterapi-mot-cancer-YouTube-1024x496.png\" \/>\n\t<meta property=\"og:image:width\" content=\"1024\" \/>\n\t<meta property=\"og:image:height\" content=\"496\" \/>\n\t<meta property=\"og:image:type\" content=\"image\/png\" \/>\n<meta name=\"twitter:card\" content=\"summary_large_image\" \/>\n<meta name=\"twitter:label1\" content=\"Ber\u00e4knad l\u00e4stid\" \/>\n\t<meta name=\"twitter:data1\" content=\"1 minut\" \/>\n<script type=\"application\/ld+json\" class=\"yoast-schema-graph\">{\"@context\":\"https:\/\/schema.org\",\"@graph\":[{\"@type\":\"WebPage\",\"@id\":\"https:\/\/www.medtechlabs.se\/sv\/nyheter\/\",\"url\":\"https:\/\/www.medtechlabs.se\/sv\/nyheter\/\",\"name\":\"Nyheter - Medtechlabs Nyheter om MedTechlabs\",\"isPartOf\":{\"@id\":\"https:\/\/www.medtechlabs.se\/sv\/#website\"},\"primaryImageOfPage\":{\"@id\":\"https:\/\/www.medtechlabs.se\/sv\/nyheter\/#primaryimage\"},\"image\":{\"@id\":\"https:\/\/www.medtechlabs.se\/sv\/nyheter\/#primaryimage\"},\"thumbnailUrl\":\"https:\/\/www.medtechlabs.se\/wp-content\/uploads\/2023\/03\/2023-03-24-16_58_25-Utveckling-av-en-icke-invasiv-behandlingsterapi-mot-cancer-YouTube-e1679904826355.png\",\"datePublished\":\"2023-02-10T12:14:27+00:00\",\"dateModified\":\"2024-01-05T13:08:47+00:00\",\"description\":\"L\u00e4s de senaste nyheterna om MedTechLabs, v\u00e5r forskning och innovation. Du kan ocks\u00e5 anm\u00e4la dig till v\u00e5rt nyhetsbrev.\",\"breadcrumb\":{\"@id\":\"https:\/\/www.medtechlabs.se\/sv\/nyheter\/#breadcrumb\"},\"inLanguage\":\"sv-SE\",\"potentialAction\":[{\"@type\":\"ReadAction\",\"target\":[\"https:\/\/www.medtechlabs.se\/sv\/nyheter\/\"]}]},{\"@type\":\"ImageObject\",\"inLanguage\":\"sv-SE\",\"@id\":\"https:\/\/www.medtechlabs.se\/sv\/nyheter\/#primaryimage\",\"url\":\"https:\/\/www.medtechlabs.se\/wp-content\/uploads\/2023\/03\/2023-03-24-16_58_25-Utveckling-av-en-icke-invasiv-behandlingsterapi-mot-cancer-YouTube-e1679904826355.png\",\"contentUrl\":\"https:\/\/www.medtechlabs.se\/wp-content\/uploads\/2023\/03\/2023-03-24-16_58_25-Utveckling-av-en-icke-invasiv-behandlingsterapi-mot-cancer-YouTube-e1679904826355.png\",\"width\":2560,\"height\":1241},{\"@type\":\"BreadcrumbList\",\"@id\":\"https:\/\/www.medtechlabs.se\/sv\/nyheter\/#breadcrumb\",\"itemListElement\":[{\"@type\":\"ListItem\",\"position\":1,\"name\":\"Home\",\"item\":\"https:\/\/www.medtechlabs.se\/sv\/\"},{\"@type\":\"ListItem\",\"position\":2,\"name\":\"Nyheter\"}]},{\"@type\":\"WebSite\",\"@id\":\"https:\/\/www.medtechlabs.se\/sv\/#website\",\"url\":\"https:\/\/www.medtechlabs.se\/sv\/\",\"name\":\"Medtechlabs\",\"description\":\"\",\"publisher\":{\"@id\":\"https:\/\/www.medtechlabs.se\/sv\/#organization\"},\"potentialAction\":[{\"@type\":\"SearchAction\",\"target\":{\"@type\":\"EntryPoint\",\"urlTemplate\":\"https:\/\/www.medtechlabs.se\/sv\/?s={search_term_string}\"},\"query-input\":{\"@type\":\"PropertyValueSpecification\",\"valueRequired\":true,\"valueName\":\"search_term_string\"}}],\"inLanguage\":\"sv-SE\"},{\"@type\":\"Organization\",\"@id\":\"https:\/\/www.medtechlabs.se\/sv\/#organization\",\"name\":\"Medtechlabs\",\"url\":\"https:\/\/www.medtechlabs.se\/sv\/\",\"logo\":{\"@type\":\"ImageObject\",\"inLanguage\":\"sv-SE\",\"@id\":\"https:\/\/www.medtechlabs.se\/sv\/#\/schema\/logo\/image\/\",\"url\":\"https:\/\/www.medtechlabs.se\/wp-content\/uploads\/2023\/02\/medtechlabs_logo_RGB_orange-65.png\",\"contentUrl\":\"https:\/\/www.medtechlabs.se\/wp-content\/uploads\/2023\/02\/medtechlabs_logo_RGB_orange-65.png\",\"width\":480,\"height\":60,\"caption\":\"Medtechlabs\"},\"image\":{\"@id\":\"https:\/\/www.medtechlabs.se\/sv\/#\/schema\/logo\/image\/\"}}]}<\/script>\n<!-- \/ Yoast SEO plugin. -->","yoast_head_json":{"title":"Nyheter - Medtechlabs Nyheter om MedTechlabs","description":"L\u00e4s de senaste nyheterna om MedTechLabs, v\u00e5r forskning och innovation. Du kan ocks\u00e5 anm\u00e4la dig till v\u00e5rt nyhetsbrev.","robots":{"index":"index","follow":"follow","max-snippet":"max-snippet:-1","max-image-preview":"max-image-preview:large","max-video-preview":"max-video-preview:-1"},"canonical":"https:\/\/www.medtechlabs.se\/sv\/nyheter\/","og_locale":"sv_SE","og_type":"article","og_title":"Nyheter - Medtechlabs Nyheter om MedTechlabs","og_description":"L\u00e4s de senaste nyheterna om MedTechLabs, v\u00e5r forskning och innovation. Du kan ocks\u00e5 anm\u00e4la dig till v\u00e5rt nyhetsbrev.","og_url":"https:\/\/www.medtechlabs.se\/sv\/nyheter\/","og_site_name":"Medtechlabs","article_modified_time":"2024-01-05T13:08:47+00:00","og_image":[{"width":1024,"height":496,"url":"https:\/\/www.medtechlabs.se\/wp-content\/uploads\/2023\/03\/2023-03-24-16_58_25-Utveckling-av-en-icke-invasiv-behandlingsterapi-mot-cancer-YouTube-1024x496.png","type":"image\/png"}],"twitter_card":"summary_large_image","twitter_misc":{"Ber\u00e4knad l\u00e4stid":"1 minut"},"schema":{"@context":"https:\/\/schema.org","@graph":[{"@type":"WebPage","@id":"https:\/\/www.medtechlabs.se\/sv\/nyheter\/","url":"https:\/\/www.medtechlabs.se\/sv\/nyheter\/","name":"Nyheter - Medtechlabs Nyheter om MedTechlabs","isPartOf":{"@id":"https:\/\/www.medtechlabs.se\/sv\/#website"},"primaryImageOfPage":{"@id":"https:\/\/www.medtechlabs.se\/sv\/nyheter\/#primaryimage"},"image":{"@id":"https:\/\/www.medtechlabs.se\/sv\/nyheter\/#primaryimage"},"thumbnailUrl":"https:\/\/www.medtechlabs.se\/wp-content\/uploads\/2023\/03\/2023-03-24-16_58_25-Utveckling-av-en-icke-invasiv-behandlingsterapi-mot-cancer-YouTube-e1679904826355.png","datePublished":"2023-02-10T12:14:27+00:00","dateModified":"2024-01-05T13:08:47+00:00","description":"L\u00e4s de senaste nyheterna om MedTechLabs, v\u00e5r forskning och innovation. Du kan ocks\u00e5 anm\u00e4la dig till v\u00e5rt nyhetsbrev.","breadcrumb":{"@id":"https:\/\/www.medtechlabs.se\/sv\/nyheter\/#breadcrumb"},"inLanguage":"sv-SE","potentialAction":[{"@type":"ReadAction","target":["https:\/\/www.medtechlabs.se\/sv\/nyheter\/"]}]},{"@type":"ImageObject","inLanguage":"sv-SE","@id":"https:\/\/www.medtechlabs.se\/sv\/nyheter\/#primaryimage","url":"https:\/\/www.medtechlabs.se\/wp-content\/uploads\/2023\/03\/2023-03-24-16_58_25-Utveckling-av-en-icke-invasiv-behandlingsterapi-mot-cancer-YouTube-e1679904826355.png","contentUrl":"https:\/\/www.medtechlabs.se\/wp-content\/uploads\/2023\/03\/2023-03-24-16_58_25-Utveckling-av-en-icke-invasiv-behandlingsterapi-mot-cancer-YouTube-e1679904826355.png","width":2560,"height":1241},{"@type":"BreadcrumbList","@id":"https:\/\/www.medtechlabs.se\/sv\/nyheter\/#breadcrumb","itemListElement":[{"@type":"ListItem","position":1,"name":"Home","item":"https:\/\/www.medtechlabs.se\/sv\/"},{"@type":"ListItem","position":2,"name":"Nyheter"}]},{"@type":"WebSite","@id":"https:\/\/www.medtechlabs.se\/sv\/#website","url":"https:\/\/www.medtechlabs.se\/sv\/","name":"Medtechlabs","description":"","publisher":{"@id":"https:\/\/www.medtechlabs.se\/sv\/#organization"},"potentialAction":[{"@type":"SearchAction","target":{"@type":"EntryPoint","urlTemplate":"https:\/\/www.medtechlabs.se\/sv\/?s={search_term_string}"},"query-input":{"@type":"PropertyValueSpecification","valueRequired":true,"valueName":"search_term_string"}}],"inLanguage":"sv-SE"},{"@type":"Organization","@id":"https:\/\/www.medtechlabs.se\/sv\/#organization","name":"Medtechlabs","url":"https:\/\/www.medtechlabs.se\/sv\/","logo":{"@type":"ImageObject","inLanguage":"sv-SE","@id":"https:\/\/www.medtechlabs.se\/sv\/#\/schema\/logo\/image\/","url":"https:\/\/www.medtechlabs.se\/wp-content\/uploads\/2023\/02\/medtechlabs_logo_RGB_orange-65.png","contentUrl":"https:\/\/www.medtechlabs.se\/wp-content\/uploads\/2023\/02\/medtechlabs_logo_RGB_orange-65.png","width":480,"height":60,"caption":"Medtechlabs"},"image":{"@id":"https:\/\/www.medtechlabs.se\/sv\/#\/schema\/logo\/image\/"}}]}},"_links":{"self":[{"href":"https:\/\/www.medtechlabs.se\/sv\/wp-json\/wp\/v2\/pages\/1728","targetHints":{"allow":["GET"]}}],"collection":[{"href":"https:\/\/www.medtechlabs.se\/sv\/wp-json\/wp\/v2\/pages"}],"about":[{"href":"https:\/\/www.medtechlabs.se\/sv\/wp-json\/wp\/v2\/types\/page"}],"author":[{"embeddable":true,"href":"https:\/\/www.medtechlabs.se\/sv\/wp-json\/wp\/v2\/users\/1"}],"replies":[{"embeddable":true,"href":"https:\/\/www.medtechlabs.se\/sv\/wp-json\/wp\/v2\/comments?post=1728"}],"version-history":[{"count":3,"href":"https:\/\/www.medtechlabs.se\/sv\/wp-json\/wp\/v2\/pages\/1728\/revisions"}],"predecessor-version":[{"id":2579,"href":"https:\/\/www.medtechlabs.se\/sv\/wp-json\/wp\/v2\/pages\/1728\/revisions\/2579"}],"wp:featuredmedia":[{"embeddable":true,"href":"https:\/\/www.medtechlabs.se\/sv\/wp-json\/wp\/v2\/media\/849"}],"wp:attachment":[{"href":"https:\/\/www.medtechlabs.se\/sv\/wp-json\/wp\/v2\/media?parent=1728"}],"curies":[{"name":"wp","href":"https:\/\/api.w.org\/{rel}","templated":true}]}}