{"id":3089,"date":"2025-02-13T10:43:32","date_gmt":"2025-02-13T09:43:32","guid":{"rendered":"https:\/\/www.medtechlabs.se\/?post_type=researchleaders&#038;p=3089"},"modified":"2025-03-17T13:58:31","modified_gmt":"2025-03-17T12:58:31","slug":"ulf-hedin","status":"publish","type":"researchleaders","link":"https:\/\/www.medtechlabs.se\/sv\/researchleader\/ulf-hedin\/","title":{"rendered":"Ulf Hedin"},"content":{"rendered":"\n<pre class=\"wp-block-hw-ingress-box\">Programdirekt\u00f6r f\u00f6r Improving health care in peripheral vascular disease: from population-based to individualized decision-making. Professor i experimentell k\u00e4rlkirurgi vid Karolinska Institutet.<\/pre>\n\n\n\n<p><strong>Hej Ulf! Vilken slags forskning utf\u00f6r du vid MedTechLabs?<\/strong><\/p>\n\n\n\n<p>\u2013 Det \u00e4r ett brett interdisciplin\u00e4rt projekt f\u00f6r att hitta b\u00e4ttre behandlingar av tre olika sjukdomar inom omr\u00e5det perifer k\u00e4rlsjukdom. I det ing\u00e5r klinisk verksamhet, patientn\u00e4ra forskning och forskning vid Scilifelab och KTH. Tillsamman \u00e4r v\u00e5rt syfte att ta fram personcentrerad \u2013 eller individualiserad \u2013\u00a0diagnostik och terapi f\u00f6r dessa sjukdomar. Det inneb\u00e4r ocks\u00e5 att jag, tillsammans med <a href=\"https:\/\/www.medtechlabs.se\/sv\/researchleader\/christian-gasser\/\">Christian Gasser<\/a> p\u00e5 KTH, leder ett ganska stort team. F\u00f6r projektet bygger vidare p\u00e5 redan etablerade samarbeten mellan Karolinska universitetssjukhuset, Scilifelab och KTH. I praktiken \u00e4r det fyra enskilda forskargrupper som nu samarbetar \u00f6ver gr\u00e4nserna.<\/p>\n\n\n\n<p><strong>Vilken inverkan hoppas du f\u00e5 med denna forskning?<\/strong><\/p>\n\n\n\n<p>\u2013 Att vi ska kunna ta fram en mer precisare bed\u00f6mning av perifer k\u00e4rlsjukdom. N\u00e5got som i sin tur kan ge b\u00e4ttre behandlingsresultat, inklusive preventiva insatser. Dagens behandlingsriktlinjer f\u00f6r den h\u00e4r gruppen av sjukdomar bygger i vissa fall p\u00e5 mer \u00e4n 30 \u00e5r gamla studier, som d\u00e5 \u00e4r populationsbaserade. F\u00f6rutom risken att situationen ser helt annorlunda ut idag bland patienterna inneb\u00e4r det ocks\u00e5 att man fattar beslut utifr\u00e5n vad som \u00e4r b\u00e4st behandling p\u00e5 gruppniv\u00e5. Medan vi allts\u00e5 siktar p\u00e5 att \u00e5stadkomma en individualiserad behandling, en helt annan approach. F\u00f6r en av sjukdomarna vi forskar p\u00e5 inneb\u00e4r dagens bed\u00f6mningsmetod att v\u00e5rden i genomsnitt behandlar 6-8 personer i on\u00f6dan, vilket \u00e4r n\u00f6dv\u00e4ndigt f\u00f6r att f\u00f6rs\u00e4kra sig om att kunna r\u00e4dda en individ fr\u00e5n stroke. Med en individualiserad bed\u00f6mning skulle den siffran komma ner till en eller tv\u00e5 personer opereras. D\u00e5 blir man tre g\u00e5nger s\u00e5 effektiv.<\/p>\n\n\n\n<p><strong>N\u00e4r kan resultat fr\u00e5n denna forskning n\u00e5 patienterna?<\/strong><\/p>\n\n\n\n<p>\u2013 Det vi hoppas \u00e4r att projektet ska leda till en klinisk studie som kan genomf\u00f6ras \u00e5tminstone i slutfasen av den utsatta projekttiden. Det skulle inneb\u00e4ra att vi inom fem \u00e5r har ett s\u00e5dant resultat att det \u00e4r m\u00f6jligt att ta v\u00e5ra nya metoder vidare till implementering inom den svenska h\u00e4lso- och sjukv\u00e5rden. Jag k\u00e4nner mig v\u00e4ldigt trygg med det h\u00e4r projektet eftersom den utf\u00f6rs av en s\u00e5 v\u00e4letablerad plattform av forskare som redan k\u00e4nner och har jobbat tidigare med varandra.<\/p>\n\n\n\n<p><strong>Vad kr\u00e4vs d\u00e5 f\u00f6r att det ni kommer fram till ska kunna f\u00f6ras in i v\u00e5rden?<\/strong><\/p>\n\n\n\n<p>\u2013 En klinisk studie \u00e4r b\u00e5de n\u00f6dv\u00e4ndig f\u00f6r och underl\u00e4ttar sj\u00e4lva implementeringen. Men med stor sannolikhet kommer det \u00e4ven i den fasen att kr\u00e4vas mer forskningsmedel. V\u00e5r ambition \u00e4r ju att den behandlingsmetod vi tar fram ska kunna bli en ny europeisk standard, vilket b\u00e5de tar tid och f\u00f6ruts\u00e4tter flera kliniska studier f\u00f6r att ta sig in i systemet.<\/p>\n\n\n\n<p><strong>Finns det tankar p\u00e5 n\u00e5gon kommersialisering av era forskningsresultat?<\/strong><\/p>\n\n\n\n<p>\u2013 Vi har faktiskt redan ett samarbete p\u00e5 g\u00e5ng med Karolinska innovation f\u00f6r att de ska kunna h\u00e5lla sig informerade om vad vi g\u00f6r i projektet och d\u00e4rmed bana v\u00e4gen f\u00f6r en eventuell kommersialisering. Det skulle till exempel kunna vara datadrivna prediktionsmodeller f\u00f6r riskbed\u00f6mning och terapival. P\u00e5 det omr\u00e5det finns sedan tidigare en kommersiell potential.\u00a0<\/p>\n\n\n\n<p><strong>Vad \u00e4r din bakgrund och din motivation som forskare?<\/strong><\/p>\n\n\n\n<p>\u2013 Att vara klinisk verksam som l\u00e4kare och jobba med dessa patienter samtidigt som jag forskningsverktygen p\u00e5 n\u00e4ra h\u00e5ll \u00e4r v\u00e4ldigt tillfredsst\u00e4llande. Jag har n\u00e4ra till b\u00e5de grundforskningen och den translationella forskningens frontlinje d\u00e4r man hittar nya v\u00e4gar att f\u00f6rb\u00e4ttra de behandlingar jag och mina kollegor ska till\u00e4mpa. Att f\u00e5 arbeta interdisciplin\u00e4rt med forskare fr\u00e5n Scilifelab och KTH med bakgrund i helt andra discipliner fungerar ocks\u00e5 som en stark drivkraft f\u00f6r mig.<\/p>\n\n\n\n<p>Kontakta Ulf Hedin: ulf.hedin@ki.se<\/p>\n","protected":false},"featured_media":3070,"template":"","class_list":["post-3089","researchleaders","type-researchleaders","status-publish","has-post-thumbnail","hentry"],"acf":[],"yoast_head":"<!-- This site is optimized with the Yoast SEO plugin v27.1 - https:\/\/yoast.com\/product\/yoast-seo-wordpress\/ -->\n<title>Ulf Hedin - Medtechlabs<\/title>\n<meta name=\"description\" content=\"Ulf Hedin f\u00f6rklarar hur AI-driven diagnostik och individualiserad behandling kan f\u00f6rb\u00e4ttra patientresultaten inom perifer k\u00e4rlsjukdom.\" \/>\n<meta name=\"robots\" content=\"index, follow, max-snippet:-1, max-image-preview:large, max-video-preview:-1\" \/>\n<link rel=\"canonical\" href=\"https:\/\/www.medtechlabs.se\/sv\/researchleader\/ulf-hedin\/\" \/>\n<meta property=\"og:locale\" content=\"sv_SE\" \/>\n<meta property=\"og:type\" content=\"article\" \/>\n<meta property=\"og:title\" content=\"Ulf Hedin - Medtechlabs\" \/>\n<meta property=\"og:description\" content=\"Ulf Hedin f\u00f6rklarar hur AI-driven diagnostik och individualiserad behandling kan f\u00f6rb\u00e4ttra patientresultaten inom perifer k\u00e4rlsjukdom.\" \/>\n<meta property=\"og:url\" content=\"https:\/\/www.medtechlabs.se\/sv\/researchleader\/ulf-hedin\/\" \/>\n<meta property=\"og:site_name\" content=\"Medtechlabs\" \/>\n<meta property=\"article:modified_time\" content=\"2025-03-17T12:58:31+00:00\" \/>\n<meta property=\"og:image\" content=\"https:\/\/www.medtechlabs.se\/wp-content\/uploads\/2025\/02\/250122_2_0216_Web_Cropped.jpg\" \/>\n\t<meta property=\"og:image:width\" content=\"857\" \/>\n\t<meta property=\"og:image:height\" content=\"1000\" \/>\n\t<meta property=\"og:image:type\" content=\"image\/jpeg\" \/>\n<meta name=\"twitter:card\" content=\"summary_large_image\" \/>\n<meta name=\"twitter:label1\" content=\"Ber\u00e4knad l\u00e4stid\" \/>\n\t<meta name=\"twitter:data1\" content=\"3 minuter\" \/>\n<script type=\"application\/ld+json\" class=\"yoast-schema-graph\">{\"@context\":\"https:\/\/schema.org\",\"@graph\":[{\"@type\":\"WebPage\",\"@id\":\"https:\/\/www.medtechlabs.se\/sv\/researchleader\/ulf-hedin\/\",\"url\":\"https:\/\/www.medtechlabs.se\/sv\/researchleader\/ulf-hedin\/\",\"name\":\"Ulf Hedin - Medtechlabs\",\"isPartOf\":{\"@id\":\"https:\/\/www.medtechlabs.se\/sv\/#website\"},\"primaryImageOfPage\":{\"@id\":\"https:\/\/www.medtechlabs.se\/sv\/researchleader\/ulf-hedin\/#primaryimage\"},\"image\":{\"@id\":\"https:\/\/www.medtechlabs.se\/sv\/researchleader\/ulf-hedin\/#primaryimage\"},\"thumbnailUrl\":\"https:\/\/www.medtechlabs.se\/wp-content\/uploads\/2025\/02\/250122_2_0216_Web_Cropped.jpg\",\"datePublished\":\"2025-02-13T09:43:32+00:00\",\"dateModified\":\"2025-03-17T12:58:31+00:00\",\"description\":\"Ulf Hedin f\u00f6rklarar hur AI-driven diagnostik och individualiserad behandling kan f\u00f6rb\u00e4ttra patientresultaten inom perifer k\u00e4rlsjukdom.\",\"breadcrumb\":{\"@id\":\"https:\/\/www.medtechlabs.se\/sv\/researchleader\/ulf-hedin\/#breadcrumb\"},\"inLanguage\":\"sv-SE\",\"potentialAction\":[{\"@type\":\"ReadAction\",\"target\":[\"https:\/\/www.medtechlabs.se\/sv\/researchleader\/ulf-hedin\/\"]}]},{\"@type\":\"ImageObject\",\"inLanguage\":\"sv-SE\",\"@id\":\"https:\/\/www.medtechlabs.se\/sv\/researchleader\/ulf-hedin\/#primaryimage\",\"url\":\"https:\/\/www.medtechlabs.se\/wp-content\/uploads\/2025\/02\/250122_2_0216_Web_Cropped.jpg\",\"contentUrl\":\"https:\/\/www.medtechlabs.se\/wp-content\/uploads\/2025\/02\/250122_2_0216_Web_Cropped.jpg\",\"width\":857,\"height\":1000,\"caption\":\"Ulf Hedin\"},{\"@type\":\"BreadcrumbList\",\"@id\":\"https:\/\/www.medtechlabs.se\/sv\/researchleader\/ulf-hedin\/#breadcrumb\",\"itemListElement\":[{\"@type\":\"ListItem\",\"position\":1,\"name\":\"Home\",\"item\":\"https:\/\/www.medtechlabs.se\/sv\/\"},{\"@type\":\"ListItem\",\"position\":2,\"name\":\"Ulf Hedin\"}]},{\"@type\":\"WebSite\",\"@id\":\"https:\/\/www.medtechlabs.se\/sv\/#website\",\"url\":\"https:\/\/www.medtechlabs.se\/sv\/\",\"name\":\"Medtechlabs\",\"description\":\"\",\"publisher\":{\"@id\":\"https:\/\/www.medtechlabs.se\/sv\/#organization\"},\"potentialAction\":[{\"@type\":\"SearchAction\",\"target\":{\"@type\":\"EntryPoint\",\"urlTemplate\":\"https:\/\/www.medtechlabs.se\/sv\/?s={search_term_string}\"},\"query-input\":{\"@type\":\"PropertyValueSpecification\",\"valueRequired\":true,\"valueName\":\"search_term_string\"}}],\"inLanguage\":\"sv-SE\"},{\"@type\":\"Organization\",\"@id\":\"https:\/\/www.medtechlabs.se\/sv\/#organization\",\"name\":\"Medtechlabs\",\"url\":\"https:\/\/www.medtechlabs.se\/sv\/\",\"logo\":{\"@type\":\"ImageObject\",\"inLanguage\":\"sv-SE\",\"@id\":\"https:\/\/www.medtechlabs.se\/sv\/#\/schema\/logo\/image\/\",\"url\":\"https:\/\/www.medtechlabs.se\/wp-content\/uploads\/2023\/02\/medtechlabs_logo_RGB_orange-65.png\",\"contentUrl\":\"https:\/\/www.medtechlabs.se\/wp-content\/uploads\/2023\/02\/medtechlabs_logo_RGB_orange-65.png\",\"width\":480,\"height\":60,\"caption\":\"Medtechlabs\"},\"image\":{\"@id\":\"https:\/\/www.medtechlabs.se\/sv\/#\/schema\/logo\/image\/\"}}]}<\/script>\n<!-- \/ Yoast SEO plugin. -->","yoast_head_json":{"title":"Ulf Hedin - Medtechlabs","description":"Ulf Hedin f\u00f6rklarar hur AI-driven diagnostik och individualiserad behandling kan f\u00f6rb\u00e4ttra patientresultaten inom perifer k\u00e4rlsjukdom.","robots":{"index":"index","follow":"follow","max-snippet":"max-snippet:-1","max-image-preview":"max-image-preview:large","max-video-preview":"max-video-preview:-1"},"canonical":"https:\/\/www.medtechlabs.se\/sv\/researchleader\/ulf-hedin\/","og_locale":"sv_SE","og_type":"article","og_title":"Ulf Hedin - Medtechlabs","og_description":"Ulf Hedin f\u00f6rklarar hur AI-driven diagnostik och individualiserad behandling kan f\u00f6rb\u00e4ttra patientresultaten inom perifer k\u00e4rlsjukdom.","og_url":"https:\/\/www.medtechlabs.se\/sv\/researchleader\/ulf-hedin\/","og_site_name":"Medtechlabs","article_modified_time":"2025-03-17T12:58:31+00:00","og_image":[{"width":857,"height":1000,"url":"https:\/\/www.medtechlabs.se\/wp-content\/uploads\/2025\/02\/250122_2_0216_Web_Cropped.jpg","type":"image\/jpeg"}],"twitter_card":"summary_large_image","twitter_misc":{"Ber\u00e4knad l\u00e4stid":"3 minuter"},"schema":{"@context":"https:\/\/schema.org","@graph":[{"@type":"WebPage","@id":"https:\/\/www.medtechlabs.se\/sv\/researchleader\/ulf-hedin\/","url":"https:\/\/www.medtechlabs.se\/sv\/researchleader\/ulf-hedin\/","name":"Ulf Hedin - Medtechlabs","isPartOf":{"@id":"https:\/\/www.medtechlabs.se\/sv\/#website"},"primaryImageOfPage":{"@id":"https:\/\/www.medtechlabs.se\/sv\/researchleader\/ulf-hedin\/#primaryimage"},"image":{"@id":"https:\/\/www.medtechlabs.se\/sv\/researchleader\/ulf-hedin\/#primaryimage"},"thumbnailUrl":"https:\/\/www.medtechlabs.se\/wp-content\/uploads\/2025\/02\/250122_2_0216_Web_Cropped.jpg","datePublished":"2025-02-13T09:43:32+00:00","dateModified":"2025-03-17T12:58:31+00:00","description":"Ulf Hedin f\u00f6rklarar hur AI-driven diagnostik och individualiserad behandling kan f\u00f6rb\u00e4ttra patientresultaten inom perifer k\u00e4rlsjukdom.","breadcrumb":{"@id":"https:\/\/www.medtechlabs.se\/sv\/researchleader\/ulf-hedin\/#breadcrumb"},"inLanguage":"sv-SE","potentialAction":[{"@type":"ReadAction","target":["https:\/\/www.medtechlabs.se\/sv\/researchleader\/ulf-hedin\/"]}]},{"@type":"ImageObject","inLanguage":"sv-SE","@id":"https:\/\/www.medtechlabs.se\/sv\/researchleader\/ulf-hedin\/#primaryimage","url":"https:\/\/www.medtechlabs.se\/wp-content\/uploads\/2025\/02\/250122_2_0216_Web_Cropped.jpg","contentUrl":"https:\/\/www.medtechlabs.se\/wp-content\/uploads\/2025\/02\/250122_2_0216_Web_Cropped.jpg","width":857,"height":1000,"caption":"Ulf Hedin"},{"@type":"BreadcrumbList","@id":"https:\/\/www.medtechlabs.se\/sv\/researchleader\/ulf-hedin\/#breadcrumb","itemListElement":[{"@type":"ListItem","position":1,"name":"Home","item":"https:\/\/www.medtechlabs.se\/sv\/"},{"@type":"ListItem","position":2,"name":"Ulf Hedin"}]},{"@type":"WebSite","@id":"https:\/\/www.medtechlabs.se\/sv\/#website","url":"https:\/\/www.medtechlabs.se\/sv\/","name":"Medtechlabs","description":"","publisher":{"@id":"https:\/\/www.medtechlabs.se\/sv\/#organization"},"potentialAction":[{"@type":"SearchAction","target":{"@type":"EntryPoint","urlTemplate":"https:\/\/www.medtechlabs.se\/sv\/?s={search_term_string}"},"query-input":{"@type":"PropertyValueSpecification","valueRequired":true,"valueName":"search_term_string"}}],"inLanguage":"sv-SE"},{"@type":"Organization","@id":"https:\/\/www.medtechlabs.se\/sv\/#organization","name":"Medtechlabs","url":"https:\/\/www.medtechlabs.se\/sv\/","logo":{"@type":"ImageObject","inLanguage":"sv-SE","@id":"https:\/\/www.medtechlabs.se\/sv\/#\/schema\/logo\/image\/","url":"https:\/\/www.medtechlabs.se\/wp-content\/uploads\/2023\/02\/medtechlabs_logo_RGB_orange-65.png","contentUrl":"https:\/\/www.medtechlabs.se\/wp-content\/uploads\/2023\/02\/medtechlabs_logo_RGB_orange-65.png","width":480,"height":60,"caption":"Medtechlabs"},"image":{"@id":"https:\/\/www.medtechlabs.se\/sv\/#\/schema\/logo\/image\/"}}]}},"_links":{"self":[{"href":"https:\/\/www.medtechlabs.se\/sv\/wp-json\/wp\/v2\/researchleaders\/3089","targetHints":{"allow":["GET"]}}],"collection":[{"href":"https:\/\/www.medtechlabs.se\/sv\/wp-json\/wp\/v2\/researchleaders"}],"about":[{"href":"https:\/\/www.medtechlabs.se\/sv\/wp-json\/wp\/v2\/types\/researchleaders"}],"version-history":[{"count":2,"href":"https:\/\/www.medtechlabs.se\/sv\/wp-json\/wp\/v2\/researchleaders\/3089\/revisions"}],"predecessor-version":[{"id":3123,"href":"https:\/\/www.medtechlabs.se\/sv\/wp-json\/wp\/v2\/researchleaders\/3089\/revisions\/3123"}],"wp:featuredmedia":[{"embeddable":true,"href":"https:\/\/www.medtechlabs.se\/sv\/wp-json\/wp\/v2\/media\/3070"}],"wp:attachment":[{"href":"https:\/\/www.medtechlabs.se\/sv\/wp-json\/wp\/v2\/media?parent=3089"}],"curies":[{"name":"wp","href":"https:\/\/api.w.org\/{rel}","templated":true}]}}